{"id":3,"date":"2023-08-09T11:58:51","date_gmt":"2023-08-09T09:58:51","guid":{"rendered":"https:\/\/cookinyou.com\/?page_id=3"},"modified":"2023-12-13T13:11:28","modified_gmt":"2023-12-13T12:11:28","slug":"politica-privacidad","status":"publish","type":"page","link":"https:\/\/cookinyou.com\/es\/politica-privacidad\/","title":{"rendered":"Pol\u00edtica de privacidad"},"content":{"rendered":"<div data-elementor-type=\"wp-page\" data-elementor-id=\"3\" class=\"elementor elementor-3\" data-elementor-post-type=\"page\">\n\t\t\t\t\t\t\t<div class=\"elementor-element elementor-element-408aa560 e-flex e-con-boxed e-con e-parent\" data-id=\"408aa560\" data-element_type=\"container\" data-settings=\"{&quot;content_width&quot;:&quot;boxed&quot;}\" data-core-v316-plus=\"true\">\n\t\t\t\t\t<div class=\"e-con-inner\">\n\t\t\t\t<div class=\"elementor-element elementor-element-23b2c903 elementor-widget elementor-widget-text-editor\" data-id=\"23b2c903\" data-element_type=\"widget\" data-widget_type=\"text-editor.default\">\n\t\t\t\t<div class=\"elementor-widget-container\">\n\t\t\t<style>\/*! elementor - v3.18.0 - 20-12-2023 *\/\n.elementor-widget-text-editor.elementor-drop-cap-view-stacked .elementor-drop-cap{background-color:#69727d;color:#fff}.elementor-widget-text-editor.elementor-drop-cap-view-framed .elementor-drop-cap{color:#69727d;border:3px solid;background-color:transparent}.elementor-widget-text-editor:not(.elementor-drop-cap-view-default) .elementor-drop-cap{margin-top:8px}.elementor-widget-text-editor:not(.elementor-drop-cap-view-default) .elementor-drop-cap-letter{width:1em;height:1em}.elementor-widget-text-editor .elementor-drop-cap{float:left;text-align:center;line-height:1;font-size:50px}.elementor-widget-text-editor .elementor-drop-cap-letter{display:inline-block}<\/style>\t\t\t\t<p><!-- wp:heading --><\/p>\n<h2><strong>Responsable del Tratamiento<\/strong><\/h2>\n<p><!-- \/wp:heading --><!-- wp:paragraph --><\/p>\n<p><span style=\"font-weight: 400;\">La empresa responsable del tratamiento de sus datos en virtud de esta Pol\u00edtica de privacidad es:<\/span><span style=\"font-weight: 400;\"><br \/><\/span><span style=\"font-weight: 400;\"><br \/><\/span><span style=\"font-weight: 400;\">TASTY MEALS<\/span><span style=\"font-weight: 400;\">, SL<\/span><span style=\"font-weight: 400;\"><br \/><\/span><span style=\"font-weight: 400;\">NIF: B16915167<\/span><span style=\"font-weight: 400;\"><br \/><\/span><span style=\"font-weight: 400;\">Domicilio: Passatge Minetes, s\/n, Granollers 08402<\/span><span style=\"font-weight: 400;\"><br \/><\/span><span style=\"font-weight: 400;\">Direcci\u00f3n de correo electr\u00f3nico: info@cookinyou.com<\/span><span style=\"font-weight: 400;\"><br \/><\/span><span style=\"font-weight: 400;\">Web: www.cookinyou.com<\/span><span style=\"font-weight: 400;\"><br \/><\/span><span style=\"font-weight: 400;\">Tel\u00e9fono: +34 696 524 474<\/span><span style=\"font-weight: 400;\"><br \/><\/span><span style=\"font-weight: 400;\">Inscrita en el Registro Mercantil de Barcelona<\/span><span style=\"font-weight: 400;\"><br \/><\/span><span style=\"font-weight: 400;\"><br \/><\/span><span style=\"font-weight: 400;\">En <\/span><span style=\"font-weight: 400;\">TASTY MEALS<\/span><span style=\"font-weight: 400;\">reconocemos la importancia de proteger su informaci\u00f3n personal y estamos comprometidos a tratarla con responsabilidad y de conformidad con las leyes de protecci\u00f3n de datos.<\/span><span style=\"font-weight: 400;\"><br \/><\/span><span style=\"font-weight: 400;\"><br \/><\/span><span style=\"font-weight: 400;\">La presente pol\u00edtica de privacidad pretende regular todos los aspectos relativos al tratamiento de datos de los diferentes usuarios que navegan o facilitan sus datos personales a trav\u00e9s de los diferentes formularios situados en la web.<\/span><\/p>\n<h3><b>Datos Personales<\/b><\/h3>\n<p><span style=\"font-weight: 400;\">Un dato personal es la informaci\u00f3n que le identifica o le hace identificable. A trav\u00e9s de la web, en las casillas establecidas al efecto recogemos los datos personales que el usuario nos comunica: nombre, apellidos, correo electr\u00f3nico, tel\u00e9fono, direcci\u00f3n postal, poblaci\u00f3n, etc., as\u00ed como todos aquellos datos que voluntariamente nos proporcione a trav\u00e9s de cualquier de las redes sociales de las cuales el usuario est\u00e1 registrado. En este caso, la privacidad depender\u00e1 de la propia configuraci\u00f3n establecida por el usuario as\u00ed como de los t\u00e9rminos y condiciones de la propia red social.<\/span><\/p>\n<p><span style=\"font-weight: 400;\">La visita del usuario a la web no implica que tenga que facilitar ninguna informaci\u00f3n sobre sus datos personales. No obstante, en caso de facilitarlos, los datos ser\u00e1n tratados de forma l\u00edcita con sujeci\u00f3n en todo momento a los principios y derechos recogidos en el RGPD 2016\/679 de 27 de abril de 2016 y la LOPDGDD 3\/2018 del 5 de diciembre.<\/span><\/p>\n<h3><b>Finalidad, duraci\u00f3n y legitimaci\u00f3n del tratamiento:<\/b><\/h3>\n<p><span style=\"font-weight: 400;\">Los datos que el usuario nos proporcione los trataremos con las siguientes finalidades:<\/span><\/p>\n<ul>\n<li style=\"font-weight: 400;\" aria-level=\"1\"><span style=\"font-weight: 400;\">Atender la solicitud o petici\u00f3n realizada por el usuario a trav\u00e9s del <\/span><b>formulario de contacto<\/b><span style=\"font-weight: 400;\"> situado en la web. Recogemos y tratamos los datos personales del usuario para poder tramitar y gestionar su solicitud, una consulta o cualquier petici\u00f3n que realiza a trav\u00e9s de dicho formulario. Estos datos los conservaremos durante el tiempo necesario para dar cumplimiento a su petici\u00f3n y durante el tiempo establecido por la ley con una duraci\u00f3n m\u00ednima de 3 a\u00f1os.<\/span><\/li>\n<\/ul>\n<p><span style=\"font-weight: 400;\">La base de legitimaci\u00f3n del tratamiento de los datos ser\u00e1 el consentimiento que otorga el usuario al seleccionar la casilla de aceptaci\u00f3n de nuestra pol\u00edtica de privacidad antes de enviar la petici\u00f3n. El usuario tiene derecho a revocar su consentimiento en cualquier momento sin que ello afecte a la licitud del tratamiento basado en el consentimiento previo a su retirada.<\/span><\/p>\n<ul>\n<li style=\"font-weight: 400;\" aria-level=\"1\"><span style=\"font-weight: 400;\">Atender y gestionar la compra realizada por el usuario a trav\u00e9s <\/span><b>del formulario de compra<\/b><span style=\"font-weight: 400;\"> situado en la web. Recogemos y tratamos los datos personales del usuario para poder procesar el pedido y posterior pago de los servicios que se ofrecen en la web. Estos datos los conservaremos durante el tiempo que dure la relaci\u00f3n contractual entre las partes y durante el tiempo establecido por la ley para el cumplimiento de las obligaciones fiscales.<\/span><\/li>\n<\/ul>\n<p><span style=\"font-weight: 400;\">La base de legitimaci\u00f3n del tratamiento de los datos ser\u00e1 la ejecuci\u00f3n de un contrato de compraventa en el que el interesado es parte. En caso que el usuario no facilite sus datos personales no se podr\u00e1 gestionar su compra, no pudiendo prestar el servicio solicitado.<\/span><\/p>\n<ul>\n<li style=\"font-weight: 400;\" aria-level=\"1\"><span style=\"font-weight: 400;\">Para guardar el<\/span><b>carro de compra<\/b><span style=\"font-weight: 400;\"> abandonado y recordar al Usuario que ha dejado un producto en la cesta de compra, en caso de que hubiera iniciado una compra introduciendo su direcci\u00f3n de su correo electr\u00f3nico. Los datos ser\u00e1n conservados en el momento que el Usuario a\u00f1ada el producto seleccionado al carro de compra hasta el momento que confirme la misma por un plazo no superior a cinco d\u00edas.\u00a0<\/span><\/li>\n<\/ul>\n<p><span style=\"font-weight: 400;\">La base de legitimaci\u00f3n del tratamiento de los datos ser\u00e1 el inter\u00e9s leg\u00edtimo del Responsable por facilitar al m\u00e1ximo la compra del producto por el que ha demostrado un inter\u00e9s el Usuario a\u00f1adi\u00e9ndolo al carrito.<\/span><\/p>\n<ul>\n<li style=\"font-weight: 400;\" aria-level=\"1\"><span style=\"font-weight: 400;\">Enviar <\/span><b>comunicaciones<\/b><span style=\"font-weight: 400;\"> sobre recetas, novedades o promociones <\/span><span style=\"font-weight: 400;\">TASTY MEALS<\/span><span style=\"font-weight: 400;\">Bajo el consentimiento del usuario recogemos y tratamos sus datos personales para poder enviarle informaci\u00f3n sobre nuestros productos y servicios. Estos datos los conservaremos mientras el usuario no revoque su consentimiento al tratamiento de los mismos y durante el tiempo establecido por la ley con una duraci\u00f3n m\u00ednima de 3 a\u00f1os.<\/span><\/li>\n<\/ul>\n<p><span style=\"font-weight: 400;\">La base de legitimaci\u00f3n del tratamiento de los datos ser\u00e1 el consentimiento que otorga el usuario al seleccionar la casilla de aceptaci\u00f3n de nuestra pol\u00edtica de privacidad antes de suscribirse a la newsletter en formulario habilitado a tal efecto en la web. El usuario tiene derecho a revocar su consentimiento en cualquier momento sin que ello afecte a la licitud del tratamiento basado en el consentimiento previo a su retirada<\/span><\/p>\n<ul>\n<li style=\"font-weight: 400;\" aria-level=\"1\"><span style=\"font-weight: 400;\">Dar de alta como \u201cusuario registrado\u201d a trav\u00e9s del <\/span><b>formulario de registro<\/b><span style=\"font-weight: 400;\"> situado en la web y que permitir\u00e1 al usuario acceder a su \u00e1rea privada de servicios e informarle de nuestras actividades, pudi\u00e9ndole remitir por cualquier medio electr\u00f3nico comunicaciones comerciales de las novedades de nuestros servicios. Estos datos los conservaremos mientras el usuario no solicite su baja del registro y durante el tiempo establecido por la ley con una duraci\u00f3n m\u00ednima de 3 a\u00f1os.<\/span><\/li>\n<\/ul>\n<p><span style=\"font-weight: 400;\">La base de legitimaci\u00f3n del tratamiento de los datos ser\u00e1 el consentimiento que otorga el usuario al registrarse a trav\u00e9s del formulario de registro y seleccionar la casilla de aceptaci\u00f3n de nuestra pol\u00edtica de privacidad antes de enviar su solicitud. El usuario tiene derecho a revocar su consentimiento en cualquier momento sin que ello afecte a la licitud del tratamiento basado en el consentimiento previo a su retirada.<\/span><\/p>\n<ul>\n<li style=\"font-weight: 400;\" aria-level=\"1\"><span style=\"font-weight: 400;\">Mejorar su experiencia al navegar por la web. Estos datos los conservaremos mientras el usuario no revoque su consentimiento al tratamiento de los mismos eliminando las cookies y durante el tiempo establecido por la ley con una duraci\u00f3n m\u00ednima de 3 a\u00f1os.\nLa base de legitimaci\u00f3n para mejorar su experiencia al navegar por la web es el consentimiento que otorga el usuario al aceptar las cookies. El usuario tiene derecho a revocar su consentimiento en cualquier momento sin que ello afecte a la licitud del tratamiento basado en el consentimiento previo a su retirada.<\/span><\/li>\n<\/ul>\n<p><span style=\"font-weight: 400;\">La base leg\u00edtima para gestionar nuestras redes sociales y enviarle nuestras actividades y novedades es el consentimiento que nos otorga para ello. El usuario tiene derecho a revocar su consentimiento en cualquier momento sin que ello afecte a la licitud del tratamiento basado en el consentimiento previo a su retirada.<\/span><\/p>\n<ul>\n<li style=\"font-weight: 400;\" aria-level=\"1\"><span style=\"font-weight: 400;\">Gestionar nuestras <\/span><b>redes sociales<\/b><span style=\"font-weight: 400;\"> y enviarle informaci\u00f3n sobre nuestras actividades y productos. Estos datos los conservaremos mientras el usuario no revoque su consentimiento al tratamiento de los mismos y durante el tiempo establecido por la ley con una duraci\u00f3n m\u00ednima de 3 a\u00f1os.<\/span><\/li>\n<\/ul>\n<p><span style=\"font-weight: 400;\">La base de legitimaci\u00f3 per a gestionar les nostres xarxes socials i enviar-li les nostres activitats i novetats \u00e9s el consentiment que ens atorga per a aix\u00f2. L\u2019usuari t\u00e9 dret a revocar el seu consentiment en qualsevol moment sense que aix\u00f2 afecti la licitud del tractament basat en el consentiment previ a la seva retirada.<\/span><\/p>\n<h3><b>Cesi\u00f3n o comunicaci\u00f3n de datos personales y transferencias internacionales <\/b><\/h3>\n<p><span style=\"font-weight: 400;\">Sus datos no se comunicar\u00e1n ni ser\u00e1n cedidos a terceros, salvo que exista alguna obligaci\u00f3n legal o aquellos prestadores vinculados al Responsable que act\u00faan como encargados del tratamiento.<\/span><\/p>\n<p><span style=\"font-weight: 400;\">\u200bNuestros servidores est\u00e1n ubicados en la Uni\u00f3n Europea, y con car\u00e1cter general, contratamos prestadores de servicios ubicados tambi\u00e9n dentro del Espacio Econ\u00f3mico Europeo o en pa\u00edses que han sido declarados con un nivel adecuado de protecci\u00f3n.<\/span><\/p>\n<p><span style=\"font-weight: 400;\">Si necesitamos utilizar proveedores de servicios externos que requieran la transmisi\u00f3n de datos personales fuera \u200bde \u200bla Uni\u00f3n Europea o en pa\u00edses que no han sido declarados con un nivel adecuado de protecci\u00f3n, nos aseguraremos de garantizar la seguridad y legitimidad del tratamiento de sus datos mediante decisiones de adecuaci\u00f3n, cl\u00e1usulas tipo, normas corporativas vinculantes, excepciones o cualquier otro instrumento aprobado por la autoridad de control que ofrezca las garant\u00edas adecuadas para la realizaci\u00f3n de la transferencia internacional de datos.<\/span><\/p>\n<h3><b>Actualizaci\u00f3n de datos<\/b><\/h3>\n<p><span style=\"font-weight: 400;\">Es importante que para que podamos mantener los datos personales actualizados, el usuario nos informe siempre que haya habido alguna modificaci\u00f3n en ellos, en caso contrario, no respondemos de la veracidad de los mismos.<\/span><\/p>\n<p><span style=\"font-weight: 400;\">El usuario garantiza que los datos personales facilitados son veraces garantizando que toda la informaci\u00f3n facilitada corresponde con la situaci\u00f3n real, que est\u00e1 actualizada y es exacta, quedando obligado a comunicar cualquier modificaci\u00f3n.<\/span><\/p>\n<h3><b>Datos de Terceros<\/b><\/h3>\n<p><span style=\"font-weight: 400;\">Si el usuario facilita datos de terceras personas para cualquier finalidad a TASTY MEALS, SL, garantiza que ha obtenido estos datos de forma l\u00edcita, que ha informado previamente a los afectados, obteniendo su consentimiento para comunicarlos y que la informaci\u00f3n facilitada es exacta y veraz.<br \/><\/span><\/p>\n<h3><strong>Car\u00e1cter obligatorio de la informaci\u00f3n solicitada<\/strong><\/h3>\n<p><span style=\"font-weight: 400;\">Todos nuestros formularios cuentan con un asterisco (*) en los datos obligatorios. Si el usuario no facilita esos campos, o no marca la casilla de aceptaci\u00f3n de la pol\u00edtica de privacidad, no se permitir\u00e1 el env\u00edo de la informaci\u00f3n.<\/span><\/p>\n<h3><b>Uso de las contrase\u00f1as<\/b><\/h3>\n<p><span style=\"font-weight: 400;\">Para poder acceder al \u00c1rea Privada, el USUARIO deber\u00e1 \u201cIniciar Sesi\u00f3n\u201d e incluir la direcci\u00f3n del correo electr\u00f3nico y contrase\u00f1a generada en el formulario de registro de acuerdo a las reglas de complejidad que se establezcan en cada momento en la web.<\/span><\/p>\n<p><span style=\"font-weight: 400;\"><br \/><\/span><span style=\"font-weight: 400;\">Los usuarios son responsables de la adecuada custodia y confidencialidad de cualquiera de los identificadores y\/o contrase\u00f1as que hayan seleccionado en el registro, y se comprometen a no ceder su uso a terceros, ni permitir su acceso a personas ajenas.<\/span><span style=\"font-weight: 400;\"><br \/><\/span><span style=\"font-weight: 400;\"><br \/><\/span><span style=\"font-weight: 400;\">Asimismo, ser\u00e1 obligaci\u00f3n del usuario notificar de forma inmediata al Responsable cualquier hecho que permita el uso indebido de los identificadores y\/o contrase\u00f1as, tales como el robo, el extrav\u00edo, o el acceso no autorizado a los mismos, con el fin de proceder a su inmediata cancelaci\u00f3n.<\/span><\/p>\n<h3><strong>Derechos de los interesados<\/strong><\/h3>\n<p><span style=\"font-weight: 400;\">Tiene derecho a acceder a sus datos y a obtener confirmaci\u00f3n sobre su tratamiento, as\u00ed como una copia de los datos personales objeto de tratamiento. Tiene derecho a actualizarlos y solicitar la rectificaci\u00f3n de los datos que sean inexactos o solicitar la supresi\u00f3n cuando los datos no sean necesarios para los fines para los que fueron recabados. Puede solicitar la limitaci\u00f3n en el tratamiento de sus datos y oponerse al tratamiento de los mismos revocando su consentimiento, as\u00ed como ejercer el derecho a la portabilidad de los datos. Del mismo modo, tiene derecho a no ser objeto de decisiones basadas \u00fanicamente en el tratamiento automatizado de sus datos personales. Puede ejercer sus derechos contactando con nosotros en el correo electr\u00f3nico info@cookinyou.com\u00a0<\/span><\/p>\n<p><span style=\"font-weight: 400;\">Si considera que sus derechos no se han atendido debidamente, tiene derecho a presentar una reclamaci\u00f3n ante la autoridad de control en www.aepd.es. <\/span><a href=\"http:\/\/www.aepd.es\"><span style=\"font-weight: 400;\">www.aepd.es<\/span><\/a><span style=\"font-weight: 400;\">.<\/span><\/p>\n<h3><strong>Tratamiento de datos de Menores de edad<\/strong><\/h3>\n<p><span style=\"font-weight: 400;\">Quien facilita los datos a trav\u00e9s de los formularios de esta web y acepta su tratamiento declara ser mayor de 14 a\u00f1os, quedando prohibido el acceso y uso del portal a menores de dicha edad. Si en alg\u00fan momento, el Responsable detecta que un menor de 14 a\u00f1os ha proporcionado datos de car\u00e1cter personal, procederemos a la cancelaci\u00f3n de los mismos. Asimismo, los padres o tutores podr\u00e1n en cualquier caso dirigirse a <\/span><span style=\"font-weight: 400;\">TASTY MEALS<\/span><span style=\"font-weight: 400;\">SL para bloquear la cuenta de acceso de los menores a su cargo que se hubieran registrado falseando su identidad.<\/span><\/p>\n<h3><b>Redes sociales<\/b><\/h3>\n<p><span style=\"font-weight: 400;\">El objeto de las herramientas como Facebook, Twitter, Instagram, etc. u otras redes sociales es dar visibilidad y difusi\u00f3n a las actividades que desarrolla nuestra organizaci\u00f3n. Estas herramientas almacenan datos personales en los servidores de los servicios respectivos y se rigen por su propia pol\u00edtica de privacidad. Se recomienda la revisi\u00f3n y la lectura de las condiciones de uso y pol\u00edtica de privacidad de la red social en el momento de registrarse, teniendo en cuenta las diferentes posibilidades de configuraci\u00f3n en relaci\u00f3n al grado de privacidad del perfil de usuario en la red social.<\/span><\/p>\n<p><span style=\"font-weight: 400;\"><br \/><\/span><span style=\"font-weight: 400;\">Asimismo, el Responsable se reserva el derecho de eliminar de sus redes sociales cualquier informaci\u00f3n publicada por terceros que vulnere la legalidad, incite a hacerlo o contenga mensajes que atenten contra la dignidad de personas o instituciones. Como tambi\u00e9n el derecho a bloquear o denunciar el perfil autor de estos mensajes.<\/span><\/p>\n<h3><strong>Tratamiento de Cookies<\/strong><\/h3>\n<p><span style=\"font-weight: 400;\">Una cookie es un peque\u00f1o archivo que se descarga y almacena en el ordenador del usuario cuando este accede a una p\u00e1gina web. Las Cookies permiten a la web, entre otras cosas, almacenar y recuperar informaci\u00f3n sobre los h\u00e1bitos de navegaci\u00f3n del usuario o de su equipo y, dependiendo de la informaci\u00f3n que contengan y de la forma en que utilice su equipo, pueden utilizarse para reconocer al usuario.<\/span><\/p>\n<p><span style=\"font-weight: 400;\">El usuario tiene la opci\u00f3n de impedir la generaci\u00f3n de cookies, mediante la selecci\u00f3n de la correspondiente opci\u00f3n en su programa de navegador. Puede obtener m\u00e1s informaci\u00f3n leyendo nuestra <\/span><b>Pol\u00edtica de Cookies.<\/b><b>.<\/b><\/p>\n<p><span style=\"font-weight: 400;\"><br \/><\/span><span style=\"font-weight: 400;\"><br \/><\/span><i><span style=\"font-weight: 400;\">Fecha de actualizaci\u00f3n: 22\/11\/2023<\/span><\/i><\/p>\n<p>\u00a0<\/p>\n<p><!-- \/wp:paragraph --><\/p>\t\t\t\t\t\t<\/div>\n\t\t\t\t<\/div>\n\t\t\t\t\t<\/div>\n\t\t\t\t<\/div>\n\t\t\t\t\t\t\t<\/div>","protected":false},"excerpt":{"rendered":"<p>Responsable del Tractament L\u2019empresa responsable del tractament de les seves dades en virtut d\u2019aquesta Pol\u00edtica de privacitat \u00e9s: TASTY MEALS, SLNIF: B16915167Domicili: Passatge Minetes, s\/n, Granollers 08402Direcci\u00f3 de correu electr\u00f2nic: info@cookinyou.comWeb: www.cookinyou.comTel\u00e8fon: +34 696 524 474Inscrita al Registre Mercantil de Barcelona En TASTY MEALS, SL, reconeixem la import\u00e0ncia de protegir la seva informaci\u00f3 personal i &#8230; <a title=\"Pol\u00edtica de privacidad\" class=\"read-more\" href=\"https:\/\/cookinyou.com\/es\/politica-privacidad\/\" aria-label=\"M\u00e1s en Pol\u00edtica de privadesa\">Leer m\u00e1s<\/a><\/p>","protected":false},"author":1,"featured_media":0,"parent":0,"menu_order":0,"comment_status":"closed","ping_status":"closed","template":"","meta":{"footnotes":""},"class_list":["post-3","page","type-page","status-publish"],"acf":[],"yoast_head":"<!-- This site is optimized with the Yoast SEO plugin v21.8.1 - https:\/\/yoast.com\/wordpress\/plugins\/seo\/ -->\n<title>Pol\u00edtica de privadesa - cookinyou.com<\/title>\n<meta name=\"robots\" content=\"index, follow, max-snippet:-1, max-image-preview:large, max-video-preview:-1\" \/>\n<link rel=\"canonical\" href=\"https:\/\/cookinyou.com\/es\/politica-privacidad\/\" \/>\n<meta property=\"og:locale\" content=\"es_ES\" \/>\n<meta property=\"og:type\" content=\"article\" \/>\n<meta property=\"og:title\" content=\"Pol\u00edtica de privadesa - cookinyou.com\" \/>\n<meta property=\"og:description\" content=\"Responsable del Tractament L\u2019empresa responsable del tractament de les seves dades en virtut d\u2019aquesta Pol\u00edtica de privacitat \u00e9s: TASTY MEALS, SLNIF: B16915167Domicili: Passatge Minetes, s\/n, Granollers 08402Direcci\u00f3 de correu electr\u00f2nic: info@cookinyou.comWeb: www.cookinyou.comTel\u00e8fon: +34 696 524 474Inscrita al Registre Mercantil de Barcelona En TASTY MEALS, SL, reconeixem la import\u00e0ncia de protegir la seva informaci\u00f3 personal i ... Leer m\u00e1s\" \/>\n<meta property=\"og:url\" content=\"https:\/\/cookinyou.com\/es\/politica-privacidad\/\" \/>\n<meta property=\"og:site_name\" content=\"cookinyou.com\" \/>\n<meta property=\"article:modified_time\" content=\"2023-12-13T12:11:28+00:00\" \/>\n<meta name=\"twitter:card\" content=\"summary_large_image\" \/>\n<meta name=\"twitter:label1\" content=\"Tiempo de lectura\" \/>\n\t<meta name=\"twitter:data1\" content=\"12 minutos\" \/>\n<script type=\"application\/ld+json\" class=\"yoast-schema-graph\">{\"@context\":\"https:\/\/schema.org\",\"@graph\":[{\"@type\":\"WebPage\",\"@id\":\"https:\/\/cookinyou.com\/politica-privacidad\/\",\"url\":\"https:\/\/cookinyou.com\/politica-privacidad\/\",\"name\":\"Pol\u00edtica de privadesa - cookinyou.com\",\"isPartOf\":{\"@id\":\"https:\/\/cookinyou.com\/#website\"},\"datePublished\":\"2023-08-09T09:58:51+00:00\",\"dateModified\":\"2023-12-13T12:11:28+00:00\",\"breadcrumb\":{\"@id\":\"https:\/\/cookinyou.com\/politica-privacidad\/#breadcrumb\"},\"inLanguage\":\"es\",\"potentialAction\":[{\"@type\":\"ReadAction\",\"target\":[\"https:\/\/cookinyou.com\/politica-privacidad\/\"]}]},{\"@type\":\"BreadcrumbList\",\"@id\":\"https:\/\/cookinyou.com\/politica-privacidad\/#breadcrumb\",\"itemListElement\":[{\"@type\":\"ListItem\",\"position\":1,\"name\":\"Portada\",\"item\":\"https:\/\/cookinyou.com\/\"},{\"@type\":\"ListItem\",\"position\":2,\"name\":\"Pol\u00edtica de privadesa\"}]},{\"@type\":\"WebSite\",\"@id\":\"https:\/\/cookinyou.com\/#website\",\"url\":\"https:\/\/cookinyou.com\/\",\"name\":\"cookinyou.com\",\"description\":\"\",\"publisher\":{\"@id\":\"https:\/\/cookinyou.com\/#organization\"},\"potentialAction\":[{\"@type\":\"SearchAction\",\"target\":{\"@type\":\"EntryPoint\",\"urlTemplate\":\"https:\/\/cookinyou.com\/?s={search_term_string}\"},\"query-input\":\"required name=search_term_string\"}],\"inLanguage\":\"es\"},{\"@type\":\"Organization\",\"@id\":\"https:\/\/cookinyou.com\/#organization\",\"name\":\"cookinyou.com\",\"url\":\"https:\/\/cookinyou.com\/\",\"logo\":{\"@type\":\"ImageObject\",\"inLanguage\":\"es\",\"@id\":\"https:\/\/cookinyou.com\/#\/schema\/logo\/image\/\",\"url\":\"https:\/\/cookinyou.com\/wp-content\/uploads\/2023\/11\/cropped-Logotipo_CookinYou_horizontal.webp\",\"contentUrl\":\"https:\/\/cookinyou.com\/wp-content\/uploads\/2023\/11\/cropped-Logotipo_CookinYou_horizontal.webp\",\"width\":536,\"height\":120,\"caption\":\"cookinyou.com\"},\"image\":{\"@id\":\"https:\/\/cookinyou.com\/#\/schema\/logo\/image\/\"}}]}<\/script>\n<!-- \/ Yoast SEO plugin. -->","yoast_head_json":{"title":"Pol\u00edtica de privadesa - cookinyou.com","robots":{"index":"index","follow":"follow","max-snippet":"max-snippet:-1","max-image-preview":"max-image-preview:large","max-video-preview":"max-video-preview:-1"},"canonical":"https:\/\/cookinyou.com\/es\/politica-privacidad\/","og_locale":"es_ES","og_type":"article","og_title":"Pol\u00edtica de privadesa - cookinyou.com","og_description":"Responsable del Tractament L\u2019empresa responsable del tractament de les seves dades en virtut d\u2019aquesta Pol\u00edtica de privacitat \u00e9s: TASTY MEALS, SLNIF: B16915167Domicili: Passatge Minetes, s\/n, Granollers 08402Direcci\u00f3 de correu electr\u00f2nic: info@cookinyou.comWeb: www.cookinyou.comTel\u00e8fon: +34 696 524 474Inscrita al Registre Mercantil de Barcelona En TASTY MEALS, SL, reconeixem la import\u00e0ncia de protegir la seva informaci\u00f3 personal i ... Leer m\u00e1s","og_url":"https:\/\/cookinyou.com\/es\/politica-privacidad\/","og_site_name":"cookinyou.com","article_modified_time":"2023-12-13T12:11:28+00:00","twitter_card":"summary_large_image","twitter_misc":{"Tiempo de lectura":"12 minutos"},"schema":{"@context":"https:\/\/schema.org","@graph":[{"@type":"WebPage","@id":"https:\/\/cookinyou.com\/politica-privacidad\/","url":"https:\/\/cookinyou.com\/politica-privacidad\/","name":"Pol\u00edtica de privadesa - cookinyou.com","isPartOf":{"@id":"https:\/\/cookinyou.com\/#website"},"datePublished":"2023-08-09T09:58:51+00:00","dateModified":"2023-12-13T12:11:28+00:00","breadcrumb":{"@id":"https:\/\/cookinyou.com\/politica-privacidad\/#breadcrumb"},"inLanguage":"es","potentialAction":[{"@type":"ReadAction","target":["https:\/\/cookinyou.com\/politica-privacidad\/"]}]},{"@type":"BreadcrumbList","@id":"https:\/\/cookinyou.com\/politica-privacidad\/#breadcrumb","itemListElement":[{"@type":"ListItem","position":1,"name":"Portada","item":"https:\/\/cookinyou.com\/"},{"@type":"ListItem","position":2,"name":"Pol\u00edtica de privadesa"}]},{"@type":"WebSite","@id":"https:\/\/cookinyou.com\/#website","url":"https:\/\/cookinyou.com\/","name":"cookinyou.com","description":"","publisher":{"@id":"https:\/\/cookinyou.com\/#organization"},"potentialAction":[{"@type":"SearchAction","target":{"@type":"EntryPoint","urlTemplate":"https:\/\/cookinyou.com\/?s={search_term_string}"},"query-input":"required name=search_term_string"}],"inLanguage":"es"},{"@type":"Organization","@id":"https:\/\/cookinyou.com\/#organization","name":"cookinyou.com","url":"https:\/\/cookinyou.com\/","logo":{"@type":"ImageObject","inLanguage":"es","@id":"https:\/\/cookinyou.com\/#\/schema\/logo\/image\/","url":"https:\/\/cookinyou.com\/wp-content\/uploads\/2023\/11\/cropped-Logotipo_CookinYou_horizontal.webp","contentUrl":"https:\/\/cookinyou.com\/wp-content\/uploads\/2023\/11\/cropped-Logotipo_CookinYou_horizontal.webp","width":536,"height":120,"caption":"cookinyou.com"},"image":{"@id":"https:\/\/cookinyou.com\/#\/schema\/logo\/image\/"}}]}},"_links":{"self":[{"href":"https:\/\/cookinyou.com\/es\/wp-json\/wp\/v2\/pages\/3","targetHints":{"allow":["GET"]}}],"collection":[{"href":"https:\/\/cookinyou.com\/es\/wp-json\/wp\/v2\/pages"}],"about":[{"href":"https:\/\/cookinyou.com\/es\/wp-json\/wp\/v2\/types\/page"}],"author":[{"embeddable":true,"href":"https:\/\/cookinyou.com\/es\/wp-json\/wp\/v2\/users\/1"}],"replies":[{"embeddable":true,"href":"https:\/\/cookinyou.com\/es\/wp-json\/wp\/v2\/comments?post=3"}],"version-history":[{"count":5,"href":"https:\/\/cookinyou.com\/es\/wp-json\/wp\/v2\/pages\/3\/revisions"}],"predecessor-version":[{"id":464,"href":"https:\/\/cookinyou.com\/es\/wp-json\/wp\/v2\/pages\/3\/revisions\/464"}],"wp:attachment":[{"href":"https:\/\/cookinyou.com\/es\/wp-json\/wp\/v2\/media?parent=3"}],"curies":[{"name":"wp","href":"https:\/\/api.w.org\/{rel}","templated":true}]}}