{"id":413,"date":"2023-11-23T11:28:34","date_gmt":"2023-11-23T10:28:34","guid":{"rendered":"https:\/\/cookinyou.com\/?page_id=413"},"modified":"2023-11-23T11:32:05","modified_gmt":"2023-11-23T10:32:05","slug":"elementor-413","status":"publish","type":"page","link":"https:\/\/cookinyou.com\/es\/elementor-413\/","title":{"rendered":"Pol\u00edtica de privacitat xarxes socials"},"content":{"rendered":"<div data-elementor-type=\"wp-page\" data-elementor-id=\"413\" class=\"elementor elementor-413\" data-elementor-post-type=\"page\">\n\t\t\t\t\t\t\t<div class=\"elementor-element elementor-element-eff37f0 e-flex e-con-boxed e-con e-parent\" data-id=\"eff37f0\" data-element_type=\"container\" data-settings=\"{&quot;content_width&quot;:&quot;boxed&quot;}\" data-core-v316-plus=\"true\">\n\t\t\t\t\t<div class=\"e-con-inner\">\n\t\t\t\t<div class=\"elementor-element elementor-element-bc72bcc elementor-widget elementor-widget-text-editor\" data-id=\"bc72bcc\" data-element_type=\"widget\" data-widget_type=\"text-editor.default\">\n\t\t\t\t<div class=\"elementor-widget-container\">\n\t\t\t<style>\/*! elementor - v3.18.0 - 20-12-2023 *\/\n.elementor-widget-text-editor.elementor-drop-cap-view-stacked .elementor-drop-cap{background-color:#69727d;color:#fff}.elementor-widget-text-editor.elementor-drop-cap-view-framed .elementor-drop-cap{color:#69727d;border:3px solid;background-color:transparent}.elementor-widget-text-editor:not(.elementor-drop-cap-view-default) .elementor-drop-cap{margin-top:8px}.elementor-widget-text-editor:not(.elementor-drop-cap-view-default) .elementor-drop-cap-letter{width:1em;height:1em}.elementor-widget-text-editor .elementor-drop-cap{float:left;text-align:center;line-height:1;font-size:50px}.elementor-widget-text-editor .elementor-drop-cap-letter{display:inline-block}<\/style>\t\t\t\t<p><!-- wp:heading --><\/p><h2><b>1. INFORMACI\u00d3 A LA PERSONA USU\u00c0RIA<\/b><\/h2><p><!-- \/wp:heading --><!-- wp:paragraph --><\/p><h3><b>Qui \u00e9s el responsable del tractament de les seves dades personals?<\/b><\/h3><p><span style=\"font-weight: 400;\">TASTY MEALS, SL ser\u00e0 el responsable del tractament de les dades personals d\u2019aquelles PERSONES que han procedit a crear un perfil en qualsevol de les seves xarxes socials. Les mateixes seran tractades de conformitat amb el que es disposa en el Reglament (UE) 2016\/679, de 27 d\u2019abril (GDPR), la Llei org\u00e0nica 3\/2018, de 5 de desembre (LOPDGDD), i la Llei de Serveis de la Societat de la Informaci\u00f3 i Comer\u00e7 Electr\u00f2nic (LSSI), facilitant la seg\u00fcent informaci\u00f3 del tractament:<\/span><\/p><h3><b>Per a qu\u00e8 tractem les seves dades personals?<\/b><\/h3><p><b>Finalitat del tractament: <\/b><span style=\"font-weight: 400;\">per a mantenir una relaci\u00f3 entre la PERSONA USU\u00c0RIA i TASTY MEALS, SL (d\u2019ara endavant el RESPONSABLE) que pot incloure les seg\u00fcents operacions:<\/span><\/p><ul><li style=\"font-weight: 400;\" aria-level=\"1\"><span style=\"font-weight: 400;\">Tramitar sol\u00b7licituds i consultes plantejades al responsable<\/span><\/li><li style=\"font-weight: 400;\" aria-level=\"1\"><span style=\"font-weight: 400;\">Informar sobre activitats i esdeveniments organitzats pel responsable<\/span><\/li><li style=\"font-weight: 400;\" aria-level=\"1\"><span style=\"font-weight: 400;\">Informar sobre productes o serveis oferts pel responsable<\/span><\/li><li style=\"font-weight: 400;\" aria-level=\"1\"><span style=\"font-weight: 400;\">Interactuar a trav\u00e9s dels perfils oficials<\/span><\/li><\/ul><p><span style=\"font-weight: 400;\">Quan el RESPONSABLE recopili i tracti dades personals a trav\u00e9s de les seves xarxes socials, les PERSONES USU\u00c0RIES seran informades sobre la finalitat de la recopilaci\u00f3 de dades, aix\u00ed com sobre els seus drets en relaci\u00f3 a les seves dades personals. Les dades personals s\u2019utilitzaran \u00fanicament per als fins indicats i es mantindran de manera segura.<\/span><\/p><p><b>Base Jur\u00eddica del Tractament: <\/b><span style=\"font-weight: 400;\">el consentiment expl\u00edcit atorgat per la PERSONA USU\u00c0RIA per al tractament de les seves dades personals per a un o diversos fins espec\u00edfics (article 6.1.a GDPR).<\/span><\/p><p><span style=\"font-weight: 400;\">D\u2019altra banda, la PERSONA USU\u00c0RIA pot accedir en tot moment a les pol\u00edtiques de privacitat de la pr\u00f2pia xarxa social, aix\u00ed com configurar el seu perfil per a garantir la seva privacitat.<\/span><\/p><h3><b>Durant quant temps guardarem les seves dades personals?<\/b><\/h3><p><b>Criteris de conservaci\u00f3 de les dades: <\/b><span style=\"font-weight: 400;\">es conservaran mentre la PERSONA USU\u00c0RIA no revoqui el consentiment prestat tal com s\u2019indica en aquesta pol\u00edtica de privacitat.<\/span><\/p><h3><b>A qui facilitem les seves dades personals?<\/b><\/h3><p><b>Comunicaci\u00f3 de les dades: <\/b><span style=\"font-weight: 400;\">la informaci\u00f3 facilitada per la PERSONA USU\u00c0RIA a trav\u00e9s de les xarxes socials del RESPONSABLE, inclosos les seves dades personals, pot ser publicada, sempre en funci\u00f3 dels serveis que la PERSONA USU\u00c0RIA utilitzi. Per la qual cosa, podr\u00e0 quedar a disposici\u00f3 p\u00fablica d\u2019uns altres tercers usuaris de les xarxes socials. Des del perfil de cada xarxa social, la PERSONA USU\u00c0RIA pot configurar quina informaci\u00f3 vol fer p\u00fablica en cada cas, veure els permisos que s\u2019han concedit, eliminar-los o desactivar-los, com qualsevol aplicaci\u00f3 d\u2019un tercer que ja no es desitja utilitzar.<\/span><\/p><p><span style=\"font-weight: 400;\">No obstant aix\u00f2, no est\u00e0 prevista cap comunicaci\u00f3 de dades personals a tercers fora de la xarxa social, excepte, si fos imprescindible per al desenvolupament i execuci\u00f3 de les finalitats del tractament, als nostres prove\u00efdors de serveis relacionats amb comunicacions, amb els quals el RESPONSABLE t\u00e9 subscrits els contractes de confidencialitat i d\u2019encarregat de tractament exigits per la normativa vigent de privacitat.<\/span><\/p><h3><b>Quins s\u00f3n els seus drets?<\/b><\/h3><p><b>Drets que assisteixen a la PERSONA USU\u00c0RIA: <\/b><span style=\"font-weight: 400;\">nom\u00e9s podran satisfer-se en relaci\u00f3 a aquella informaci\u00f3 que es trobi sota el control del RESPONSABLE.<\/span><\/p><ul><li style=\"font-weight: 400;\" aria-level=\"1\"><span style=\"font-weight: 400;\">Dret a retirar el consentiment en qualsevol moment.<\/span><\/li><li style=\"font-weight: 400;\" aria-level=\"1\"><span style=\"font-weight: 400;\">Dret d\u2019acc\u00e9s, rectificaci\u00f3, portabilitat i supressi\u00f3 de les seves dades, i de limitaci\u00f3 o oposici\u00f3 al seu tractament.<\/span><\/li><li style=\"font-weight: 400;\" aria-level=\"1\"><span style=\"font-weight: 400;\">Dret a presentar una reclamaci\u00f3 davant l\u2019autoritat de control (www.aepd.es) si considera que el tractament no s\u2019ajusta a la normativa vigent.<\/span><\/li><\/ul><p><span style=\"font-weight: 400;\">Dades de contacte per a exercir els seus drets:<\/span><\/p><p><span style=\"font-weight: 400;\">TASTY MEALS, SL &#8211; <\/span><span style=\"font-weight: 400;\">Passatge Minetes s\/n, Granollers 08402<\/span><span style=\"font-weight: 400;\">. E-mail: info@cookinyou.com.<\/span><\/p><p><span style=\"font-weight: 400;\">La pol\u00edtica de privacitat completa es troba disponible en www.cookinyou.com<\/span><\/p><h2><b>2.UTILITZACI\u00d3 DEL PERFIL<\/b><\/h2><p><span style=\"font-weight: 400;\">El RESPONSABLE realitzar\u00e0 les seg\u00fcents actuacions:<\/span><\/p><ul><li style=\"font-weight: 400;\" aria-level=\"1\"><span style=\"font-weight: 400;\">Acc\u00e9s a la informaci\u00f3 p\u00fablica del perfil.<\/span><\/li><li style=\"font-weight: 400;\" aria-level=\"1\"><span style=\"font-weight: 400;\">Publicaci\u00f3 en el perfil de la PERSONA USU\u00c0RIA de tota aquella informaci\u00f3 ja publicada en la xarxa social del RESPONSABLE.<\/span><\/li><li style=\"font-weight: 400;\" aria-level=\"1\"><span style=\"font-weight: 400;\">Enviar missatges personals i individuals a trav\u00e9s dels canals de la xarxa social.<\/span><\/li><li style=\"font-weight: 400;\" aria-level=\"1\"><span style=\"font-weight: 400;\">Actualitzacions de l\u2019estat de la p\u00e0gina que es publicaran en el perfil de la PERSONA USU\u00c0RIA.<\/span><\/li><\/ul><p><span style=\"font-weight: 400;\">La PERSONA USU\u00c0RIA sempre pot controlar les seves connexions, eliminar els continguts que deixin d\u2019interessar-li i restringir amb qui comparteix les seves connexions; per a aix\u00f2 haur\u00e0 d\u2019accedir a la seva configuraci\u00f3 on trobar\u00e0 diferents possibilitats de configuraci\u00f3 en relaci\u00f3 al grau de privacitat del perfil d\u2019usuari en la xarxa social.<\/span><\/p><h2><b>3.PUBLICACIONS<\/b><\/h2><p><span style=\"font-weight: 400;\">L\u2019objecte de les xarxes socials, \u00e9s donar visibilitat i difusi\u00f3 a les activitats que desenvolupa el RESPONSABLE. Aquestes eines emmagatzemen dades personals en els servidors dels serveis respectius i es regeixen per la seva pr\u00f2pia pol\u00edtica de privacitat.\u00a0<\/span><\/p><p><span style=\"font-weight: 400;\">La PERSONA USU\u00c0RIA, una vegada sigui seguidora o s\u2019hagi unit a la xarxa social del RESPONSABLE, podr\u00e0 publicar en aquesta, comentaris, enlla\u00e7os, imatges, fotografies o qualsevol altre tipus de contingut multim\u00e8dia suportat per aquesta. La PERSONA USU\u00c0RIA en tots els casos, ha de ser la titular del contingut publicat, gaudir dels drets d\u2019autor i de propietat intel\u00b7lectual o comptar amb el consentiment dels tercers afectats.<\/span><\/p><p><span style=\"font-weight: 400;\">Es prohibeix expressament qualsevol publicaci\u00f3 en la xarxa social, ja siguin textos, gr\u00e0fics, fotografies, v\u00eddeos, etc. que atemptin o siguin susceptibles d\u2019atemptar contra la moral, l\u2019\u00e8tica, el bon gust o el dec\u00f2rum, i\/o que infringeixin, violin o infringeixin els drets de propietat intel\u00b7lectual o industrial, el dret a la imatge o la Llei. No es toleraran comentaris o contingut ofensiu, difamatori, il\u00b7legal o inapropiat en els perfils de l\u2019empresa. L\u2019Empresa es reserva el dret d\u2019eliminar aquests comentaris o contingut i bloquejar als usuaris responsables.<\/span><\/p><p><span style=\"font-weight: 400;\">En aquests casos, el RESPONSABLE es reserva el dret a retirar immediatament el contingut, sense comunicaci\u00f3 pr\u00e8via, podent sol\u00b7licitar el bloqueig permanent de la PERSONA USU\u00c0RIA.<\/span><\/p><p><span style=\"font-weight: 400;\">El RESPONSABLE no es far\u00e0 responsable dels continguts que lliurement ha publicat la PERSONA USU\u00c0RIA.<\/span><\/p><p><span style=\"font-weight: 400;\">La PERSONA USU\u00c0RIA ha de tenir present que les seves publicacions seran conegudes per altres usuaris, per la qual cosa ell mateix \u00e9s el principal responsable de la seva privacitat.<\/span><\/p><p><span style=\"font-weight: 400;\">Les imatges que puguin publicar-se en la xarxa social no seran emmagatzemades en cap fitxer per part del RESPONSABLE, per\u00f2 si que romandran en la xarxa social.<\/span><\/p><h2><b>4.DADES DE MENORS D\u2019EDAT O PERSONES AMB CAPACITATS ESPECIALS<\/b><\/h2><p><span style=\"font-weight: 400;\">Es recomana la revisi\u00f3 i la lectura de les condicions d\u2019\u00fas i pol\u00edtica de privacitat de cada xarxa social en el moment de registre, tenint en compte els diferents requisits d\u2019edat per a la realitzaci\u00f3 d\u2019aquest.<\/span><\/p><p><span style=\"font-weight: 400;\">Aix\u00ed mateix, el RESPONSABLE quedar\u00e0 expressament exonerat de qualsevol responsabilitat que pogu\u00e9s derivar-se de l\u2019\u00fas de les xarxes socials per part de menors o persones amb capacitats especials i l\u2019acc\u00e9s de les quals hauria de realitzar-se sota la supervisi\u00f3 i control dels seus representants legals.<\/span><\/p><p><span style=\"font-weight: 400;\">El RESPONSABLE es reserva el dret de modificar aquesta pol\u00edtica en qualsevol moment. Els canvis seran comunicats a trav\u00e9s dels nostres perfils de xarxes socials i\/o el nostre lloc web.<\/span><\/p><p><!-- \/wp:paragraph --><\/p>\t\t\t\t\t\t<\/div>\n\t\t\t\t<\/div>\n\t\t\t\t\t<\/div>\n\t\t\t\t<\/div>\n\t\t\t\t\t\t\t<\/div>","protected":false},"excerpt":{"rendered":"<p>1. INFORMACI\u00d3 A LA PERSONA USU\u00c0RIA Qui \u00e9s el responsable del tractament de les seves dades personals? TASTY MEALS, SL ser\u00e0 el responsable del tractament de les dades personals d\u2019aquelles PERSONES que han procedit a crear un perfil en qualsevol de les seves xarxes socials. Les mateixes seran tractades de conformitat amb el que es &#8230; <a title=\"Pol\u00edtica de privacitat xarxes socials\" class=\"read-more\" href=\"https:\/\/cookinyou.com\/es\/elementor-413\/\" aria-label=\"M\u00e1s en Pol\u00edtica de privacitat xarxes socials\">Leer m\u00e1s<\/a><\/p>","protected":false},"author":2,"featured_media":0,"parent":0,"menu_order":0,"comment_status":"closed","ping_status":"closed","template":"","meta":{"footnotes":""},"class_list":["post-413","page","type-page","status-publish"],"acf":[],"yoast_head":"<!-- This site is optimized with the Yoast SEO plugin v21.8.1 - https:\/\/yoast.com\/wordpress\/plugins\/seo\/ -->\n<title>Pol\u00edtica de privacitat xarxes socials - cookinyou.com<\/title>\n<meta name=\"robots\" content=\"index, follow, max-snippet:-1, max-image-preview:large, max-video-preview:-1\" \/>\n<link rel=\"canonical\" href=\"https:\/\/cookinyou.com\/es\/elementor-413\/\" \/>\n<meta property=\"og:locale\" content=\"es_ES\" \/>\n<meta property=\"og:type\" content=\"article\" \/>\n<meta property=\"og:title\" content=\"Pol\u00edtica de privacitat xarxes socials - cookinyou.com\" \/>\n<meta property=\"og:description\" content=\"1. INFORMACI\u00d3 A LA PERSONA USU\u00c0RIA Qui \u00e9s el responsable del tractament de les seves dades personals? TASTY MEALS, SL ser\u00e0 el responsable del tractament de les dades personals d\u2019aquelles PERSONES que han procedit a crear un perfil en qualsevol de les seves xarxes socials. Les mateixes seran tractades de conformitat amb el que es ... Leer m\u00e1s\" \/>\n<meta property=\"og:url\" content=\"https:\/\/cookinyou.com\/es\/elementor-413\/\" \/>\n<meta property=\"og:site_name\" content=\"cookinyou.com\" \/>\n<meta property=\"article:modified_time\" content=\"2023-11-23T10:32:05+00:00\" \/>\n<meta name=\"twitter:card\" content=\"summary_large_image\" \/>\n<meta name=\"twitter:label1\" content=\"Tiempo de lectura\" \/>\n\t<meta name=\"twitter:data1\" content=\"6 minutos\" \/>\n<script type=\"application\/ld+json\" class=\"yoast-schema-graph\">{\"@context\":\"https:\/\/schema.org\",\"@graph\":[{\"@type\":\"WebPage\",\"@id\":\"https:\/\/cookinyou.com\/elementor-413\/\",\"url\":\"https:\/\/cookinyou.com\/elementor-413\/\",\"name\":\"Pol\u00edtica de privacitat xarxes socials - cookinyou.com\",\"isPartOf\":{\"@id\":\"https:\/\/cookinyou.com\/#website\"},\"datePublished\":\"2023-11-23T10:28:34+00:00\",\"dateModified\":\"2023-11-23T10:32:05+00:00\",\"breadcrumb\":{\"@id\":\"https:\/\/cookinyou.com\/elementor-413\/#breadcrumb\"},\"inLanguage\":\"es\",\"potentialAction\":[{\"@type\":\"ReadAction\",\"target\":[\"https:\/\/cookinyou.com\/elementor-413\/\"]}]},{\"@type\":\"BreadcrumbList\",\"@id\":\"https:\/\/cookinyou.com\/elementor-413\/#breadcrumb\",\"itemListElement\":[{\"@type\":\"ListItem\",\"position\":1,\"name\":\"Portada\",\"item\":\"https:\/\/cookinyou.com\/\"},{\"@type\":\"ListItem\",\"position\":2,\"name\":\"Pol\u00edtica de privacitat xarxes socials\"}]},{\"@type\":\"WebSite\",\"@id\":\"https:\/\/cookinyou.com\/#website\",\"url\":\"https:\/\/cookinyou.com\/\",\"name\":\"cookinyou.com\",\"description\":\"\",\"publisher\":{\"@id\":\"https:\/\/cookinyou.com\/#organization\"},\"potentialAction\":[{\"@type\":\"SearchAction\",\"target\":{\"@type\":\"EntryPoint\",\"urlTemplate\":\"https:\/\/cookinyou.com\/?s={search_term_string}\"},\"query-input\":\"required name=search_term_string\"}],\"inLanguage\":\"es\"},{\"@type\":\"Organization\",\"@id\":\"https:\/\/cookinyou.com\/#organization\",\"name\":\"cookinyou.com\",\"url\":\"https:\/\/cookinyou.com\/\",\"logo\":{\"@type\":\"ImageObject\",\"inLanguage\":\"es\",\"@id\":\"https:\/\/cookinyou.com\/#\/schema\/logo\/image\/\",\"url\":\"https:\/\/cookinyou.com\/wp-content\/uploads\/2023\/11\/cropped-Logotipo_CookinYou_horizontal.webp\",\"contentUrl\":\"https:\/\/cookinyou.com\/wp-content\/uploads\/2023\/11\/cropped-Logotipo_CookinYou_horizontal.webp\",\"width\":536,\"height\":120,\"caption\":\"cookinyou.com\"},\"image\":{\"@id\":\"https:\/\/cookinyou.com\/#\/schema\/logo\/image\/\"}}]}<\/script>\n<!-- \/ Yoast SEO plugin. -->","yoast_head_json":{"title":"Pol\u00edtica de privacitat xarxes socials - cookinyou.com","robots":{"index":"index","follow":"follow","max-snippet":"max-snippet:-1","max-image-preview":"max-image-preview:large","max-video-preview":"max-video-preview:-1"},"canonical":"https:\/\/cookinyou.com\/es\/elementor-413\/","og_locale":"es_ES","og_type":"article","og_title":"Pol\u00edtica de privacitat xarxes socials - cookinyou.com","og_description":"1. INFORMACI\u00d3 A LA PERSONA USU\u00c0RIA Qui \u00e9s el responsable del tractament de les seves dades personals? TASTY MEALS, SL ser\u00e0 el responsable del tractament de les dades personals d\u2019aquelles PERSONES que han procedit a crear un perfil en qualsevol de les seves xarxes socials. Les mateixes seran tractades de conformitat amb el que es ... Leer m\u00e1s","og_url":"https:\/\/cookinyou.com\/es\/elementor-413\/","og_site_name":"cookinyou.com","article_modified_time":"2023-11-23T10:32:05+00:00","twitter_card":"summary_large_image","twitter_misc":{"Tiempo de lectura":"6 minutos"},"schema":{"@context":"https:\/\/schema.org","@graph":[{"@type":"WebPage","@id":"https:\/\/cookinyou.com\/elementor-413\/","url":"https:\/\/cookinyou.com\/elementor-413\/","name":"Pol\u00edtica de privacitat xarxes socials - cookinyou.com","isPartOf":{"@id":"https:\/\/cookinyou.com\/#website"},"datePublished":"2023-11-23T10:28:34+00:00","dateModified":"2023-11-23T10:32:05+00:00","breadcrumb":{"@id":"https:\/\/cookinyou.com\/elementor-413\/#breadcrumb"},"inLanguage":"es","potentialAction":[{"@type":"ReadAction","target":["https:\/\/cookinyou.com\/elementor-413\/"]}]},{"@type":"BreadcrumbList","@id":"https:\/\/cookinyou.com\/elementor-413\/#breadcrumb","itemListElement":[{"@type":"ListItem","position":1,"name":"Portada","item":"https:\/\/cookinyou.com\/"},{"@type":"ListItem","position":2,"name":"Pol\u00edtica de privacitat xarxes socials"}]},{"@type":"WebSite","@id":"https:\/\/cookinyou.com\/#website","url":"https:\/\/cookinyou.com\/","name":"cookinyou.com","description":"","publisher":{"@id":"https:\/\/cookinyou.com\/#organization"},"potentialAction":[{"@type":"SearchAction","target":{"@type":"EntryPoint","urlTemplate":"https:\/\/cookinyou.com\/?s={search_term_string}"},"query-input":"required name=search_term_string"}],"inLanguage":"es"},{"@type":"Organization","@id":"https:\/\/cookinyou.com\/#organization","name":"cookinyou.com","url":"https:\/\/cookinyou.com\/","logo":{"@type":"ImageObject","inLanguage":"es","@id":"https:\/\/cookinyou.com\/#\/schema\/logo\/image\/","url":"https:\/\/cookinyou.com\/wp-content\/uploads\/2023\/11\/cropped-Logotipo_CookinYou_horizontal.webp","contentUrl":"https:\/\/cookinyou.com\/wp-content\/uploads\/2023\/11\/cropped-Logotipo_CookinYou_horizontal.webp","width":536,"height":120,"caption":"cookinyou.com"},"image":{"@id":"https:\/\/cookinyou.com\/#\/schema\/logo\/image\/"}}]}},"_links":{"self":[{"href":"https:\/\/cookinyou.com\/es\/wp-json\/wp\/v2\/pages\/413","targetHints":{"allow":["GET"]}}],"collection":[{"href":"https:\/\/cookinyou.com\/es\/wp-json\/wp\/v2\/pages"}],"about":[{"href":"https:\/\/cookinyou.com\/es\/wp-json\/wp\/v2\/types\/page"}],"author":[{"embeddable":true,"href":"https:\/\/cookinyou.com\/es\/wp-json\/wp\/v2\/users\/2"}],"replies":[{"embeddable":true,"href":"https:\/\/cookinyou.com\/es\/wp-json\/wp\/v2\/comments?post=413"}],"version-history":[{"count":6,"href":"https:\/\/cookinyou.com\/es\/wp-json\/wp\/v2\/pages\/413\/revisions"}],"predecessor-version":[{"id":419,"href":"https:\/\/cookinyou.com\/es\/wp-json\/wp\/v2\/pages\/413\/revisions\/419"}],"wp:attachment":[{"href":"https:\/\/cookinyou.com\/es\/wp-json\/wp\/v2\/media?parent=413"}],"curies":[{"name":"wp","href":"https:\/\/api.w.org\/{rel}","templated":true}]}}